{"id":570,"date":"2024-10-29T11:53:39","date_gmt":"2024-10-29T11:53:39","guid":{"rendered":"https:\/\/immaculatehstg.wpengine.com\/ministry\/test-ministry-copy-copy-copy-2\/"},"modified":"2025-08-27T08:54:12","modified_gmt":"2025-08-27T15:54:12","slug":"formation","status":"publish","type":"ministry","link":"https:\/\/www.ihmsantaana.org\/en\/ministry\/formation\/","title":{"rendered":"Formation"},"content":{"rendered":"<div class=\"wp-block-group has-global-padding is-layout-constrained wp-container-core-group-is-layout-e6038ede wp-block-group-is-layout-constrained\" style=\"padding-top:var(--wp--preset--spacing--30);padding-bottom:var(--wp--preset--spacing--30)\">\n<div class=\"wp-block-columns are-vertically-aligned-top wp-container-content-9cfa9a5a is-layout-flex wp-container-core-columns-is-layout-7fc3d43a wp-block-columns-is-layout-flex\">\n<div class=\"wp-block-column is-vertically-aligned-top is-layout-flow wp-block-column-is-layout-flow\">\n<h3 class=\"wp-block-heading alignwide\" style=\"font-size:clamp(1.092rem, 1.092rem + ((1vw - 0.2rem) * 0.76), 1.7rem);\">Faith Formation Director<\/h3>\n\n\n\n<p>Coral Gomez<\/p>\n<\/div>\n\n\n\n<div class=\"wp-block-column is-vertically-aligned-top is-layout-flow wp-block-column-is-layout-flow\">\n<h3 class=\"wp-block-heading alignwide\" style=\"font-size:clamp(1.092rem, 1.092rem + ((1vw - 0.2rem) * 0.76), 1.7rem);\">Pre Baptismal Preparation<\/h3>\n\n\n\n<p>San Juan Pablo II Ministry<\/p>\n<\/div>\n<\/div>\n\n\n\n<div class=\"wp-block-columns are-vertically-aligned-top wp-container-content-9cfa9a5a is-layout-flex wp-container-core-columns-is-layout-7fc3d43a wp-block-columns-is-layout-flex\">\n<div class=\"wp-block-column is-vertically-aligned-top is-layout-flow wp-block-column-is-layout-flow\">\n<h3 class=\"wp-block-heading alignwide\" style=\"font-size:clamp(1.092rem, 1.092rem + ((1vw - 0.2rem) * 0.76), 1.7rem);\">Quince\u00f1era Program<\/h3>\n\n\n\n<p>Pastoral Office<\/p>\n<\/div>\n\n\n\n<div class=\"wp-block-column is-vertically-aligned-top is-layout-flow wp-block-column-is-layout-flow\">\n<h3 class=\"wp-block-heading alignwide\" style=\"font-size:clamp(1.092rem, 1.092rem + ((1vw - 0.2rem) * 0.76), 1.7rem);\">Pre Marriage Preparation<\/h3>\n\n\n\n<p>Enrique and Esmeralda Vega<\/p>\n<\/div>\n<\/div>\n\n\n\n<div class=\"wp-block-columns are-vertically-aligned-top wp-container-content-9cfa9a5a is-layout-flex wp-container-core-columns-is-layout-7fc3d43a wp-block-columns-is-layout-flex\">\n<div class=\"wp-block-column is-vertically-aligned-top is-layout-flow wp-block-column-is-layout-flow\">\n<h3 class=\"wp-block-heading alignwide\" style=\"font-size:clamp(1.092rem, 1.092rem + ((1vw - 0.2rem) * 0.76), 1.7rem);\">Marriage Encounter<\/h3>\n\n\n\n<p>Beatriz Ortiz<\/p>\n<\/div>\n\n\n\n<div class=\"wp-block-column is-vertically-aligned-top is-layout-flow wp-block-column-is-layout-flow\"><\/div>\n<\/div>\n<\/div>","protected":false},"excerpt":{"rendered":"<p>Directora de Formaci\u00f3n en la Fe Coral G\u00f3mez Preparaci\u00f3n Prebautismal Ministerio San Juan Pablo II Programa de Quincea\u00f1eras Oficina Pastoral Preparaci\u00f3n Prematrimonial Enrique y Esmeralda Vega Encuentro Matrimonial Beatriz Ortiz<\/p>","protected":false},"featured_media":670,"parent":0,"menu_order":5,"template":"","format":"standard","meta":{"_acf_changed":false,"_tec_requires_first_save":true,"_uag_custom_page_level_css":"","_EventAllDay":false,"_EventTimezone":"","_EventStartDate":"","_EventEndDate":"","_EventStartDateUTC":"","_EventEndDateUTC":"","_EventShowMap":false,"_EventShowMapLink":false,"_EventURL":"","_EventCost":"","_EventCostDescription":"","_EventCurrencySymbol":"","_EventCurrencyCode":"","_EventCurrencyPosition":"","_EventDateTimeSeparator":"","_EventTimeRangeSeparator":"","_EventOrganizerID":[],"_EventVenueID":[],"_OrganizerEmail":"","_OrganizerPhone":"","_OrganizerWebsite":"","_VenueAddress":"","_VenueCity":"","_VenueCountry":"","_VenueProvince":"","_VenueState":"","_VenueZip":"","_VenuePhone":"","_VenueURL":"","_VenueStateProvince":"","_VenueLat":"","_VenueLng":"","_VenueShowMap":false,"_VenueShowMapLink":false,"_tribe_blocks_recurrence_rules":"","_tribe_blocks_recurrence_description":"","_tribe_blocks_recurrence_exclusions":""},"class_list":["post-570","ministry","type-ministry","status-publish","format-standard","has-post-thumbnail","hentry"],"acf":[],"yoast_head":"<!-- This site is optimized with the Yoast SEO plugin v27.0 - https:\/\/yoast.com\/product\/yoast-seo-wordpress\/ -->\n<title>Formaci\u00f3n - Immaculate Heart of Mary Santa Ana<\/title>\n<meta name=\"robots\" content=\"index, follow, max-snippet:-1, max-image-preview:large, max-video-preview:-1\" \/>\n<link rel=\"canonical\" href=\"https:\/\/www.ihmsantaana.org\/en\/ministry\/formation\/\" \/>\n<meta property=\"og:locale\" content=\"en_US\" \/>\n<meta property=\"og:type\" content=\"article\" \/>\n<meta property=\"og:title\" content=\"Formaci\u00f3n - Immaculate Heart of Mary Santa Ana\" \/>\n<meta property=\"og:description\" content=\"Directora de Formaci\u00f3n en la Fe Coral G\u00f3mez Preparaci\u00f3n Prebautismal Ministerio San Juan Pablo II Programa de Quincea\u00f1eras Oficina Pastoral Preparaci\u00f3n Prematrimonial Enrique y Esmeralda Vega Encuentro Matrimonial Beatriz Ortiz\" \/>\n<meta property=\"og:url\" content=\"https:\/\/www.ihmsantaana.org\/en\/ministry\/formation\/\" \/>\n<meta property=\"og:site_name\" content=\"Immaculate Heart of Mary Santa Ana\" \/>\n<meta property=\"article:modified_time\" content=\"2025-08-27T15:54:12+00:00\" \/>\n<meta property=\"og:image\" content=\"https:\/\/www.ihmsantaana.org\/wp-content\/uploads\/2024\/12\/2023-10-30-bishop-brown-funeral-mass-DSC06781-111-medium.webp\" \/>\n\t<meta property=\"og:image:width\" content=\"1600\" \/>\n\t<meta property=\"og:image:height\" content=\"1067\" \/>\n\t<meta property=\"og:image:type\" content=\"image\/webp\" \/>\n<meta name=\"twitter:card\" content=\"summary_large_image\" \/>\n<meta name=\"twitter:label1\" content=\"Est. reading time\" \/>\n\t<meta name=\"twitter:data1\" content=\"1 minute\" \/>\n<script type=\"application\/ld+json\" class=\"yoast-schema-graph\">{\"@context\":\"https:\/\/schema.org\",\"@graph\":[{\"@type\":\"WebPage\",\"@id\":\"https:\/\/www.ihmsantaana.org\/ministry\/formation\/\",\"url\":\"https:\/\/www.ihmsantaana.org\/ministry\/formation\/\",\"name\":\"Formaci\u00f3n - Immaculate Heart of Mary Santa Ana\",\"isPartOf\":{\"@id\":\"https:\/\/www.ihmsantaana.org\/#website\"},\"primaryImageOfPage\":{\"@id\":\"https:\/\/www.ihmsantaana.org\/ministry\/formation\/#primaryimage\"},\"image\":{\"@id\":\"https:\/\/www.ihmsantaana.org\/ministry\/formation\/#primaryimage\"},\"thumbnailUrl\":\"https:\/\/www.ihmsantaana.org\/wp-content\/uploads\/2024\/12\/2023-10-30-bishop-brown-funeral-mass-DSC06781-111-medium.webp\",\"datePublished\":\"2024-10-29T11:53:39+00:00\",\"dateModified\":\"2025-08-27T15:54:12+00:00\",\"breadcrumb\":{\"@id\":\"https:\/\/www.ihmsantaana.org\/ministry\/formation\/#breadcrumb\"},\"inLanguage\":\"en-US\",\"potentialAction\":[{\"@type\":\"ReadAction\",\"target\":[\"https:\/\/www.ihmsantaana.org\/ministry\/formation\/\"]}]},{\"@type\":\"ImageObject\",\"inLanguage\":\"en-US\",\"@id\":\"https:\/\/www.ihmsantaana.org\/ministry\/formation\/#primaryimage\",\"url\":\"https:\/\/www.ihmsantaana.org\/wp-content\/uploads\/2024\/12\/2023-10-30-bishop-brown-funeral-mass-DSC06781-111-medium.webp\",\"contentUrl\":\"https:\/\/www.ihmsantaana.org\/wp-content\/uploads\/2024\/12\/2023-10-30-bishop-brown-funeral-mass-DSC06781-111-medium.webp\",\"width\":1600,\"height\":1067},{\"@type\":\"BreadcrumbList\",\"@id\":\"https:\/\/www.ihmsantaana.org\/ministry\/formation\/#breadcrumb\",\"itemListElement\":[{\"@type\":\"ListItem\",\"position\":1,\"name\":\"Home\",\"item\":\"https:\/\/www.ihmsantaana.org\/\"},{\"@type\":\"ListItem\",\"position\":2,\"name\":\"Ministries\",\"item\":\"https:\/\/www.ihmsantaana.org\/en\/ministry\/\"},{\"@type\":\"ListItem\",\"position\":3,\"name\":\"Formaci\u00f3n\"}]},{\"@type\":\"WebSite\",\"@id\":\"https:\/\/www.ihmsantaana.org\/#website\",\"url\":\"https:\/\/www.ihmsantaana.org\/\",\"name\":\"Immaculate Heart of Mary Santa Ana\",\"description\":\"\",\"publisher\":{\"@id\":\"https:\/\/www.ihmsantaana.org\/#organization\"},\"potentialAction\":[{\"@type\":\"SearchAction\",\"target\":{\"@type\":\"EntryPoint\",\"urlTemplate\":\"https:\/\/www.ihmsantaana.org\/?s={search_term_string}\"},\"query-input\":{\"@type\":\"PropertyValueSpecification\",\"valueRequired\":true,\"valueName\":\"search_term_string\"}}],\"inLanguage\":\"en-US\"},{\"@type\":\"Organization\",\"@id\":\"https:\/\/www.ihmsantaana.org\/#organization\",\"name\":\"Immaculate Heart of Mary Santa Ana\",\"url\":\"https:\/\/www.ihmsantaana.org\/\",\"logo\":{\"@type\":\"ImageObject\",\"inLanguage\":\"en-US\",\"@id\":\"https:\/\/www.ihmsantaana.org\/#\/schema\/logo\/image\/\",\"url\":\"https:\/\/www.ihmsantaana.org\/wp-content\/uploads\/2024\/06\/IMH_logo-inverse.webp\",\"contentUrl\":\"https:\/\/www.ihmsantaana.org\/wp-content\/uploads\/2024\/06\/IMH_logo-inverse.webp\",\"width\":500,\"height\":82,\"caption\":\"Immaculate Heart of Mary Santa Ana\"},\"image\":{\"@id\":\"https:\/\/www.ihmsantaana.org\/#\/schema\/logo\/image\/\"}}]}<\/script>\n<!-- \/ Yoast SEO plugin. -->","yoast_head_json":{"title":"Formaci\u00f3n - Immaculate Heart of Mary Santa Ana","robots":{"index":"index","follow":"follow","max-snippet":"max-snippet:-1","max-image-preview":"max-image-preview:large","max-video-preview":"max-video-preview:-1"},"canonical":"https:\/\/www.ihmsantaana.org\/en\/ministry\/formation\/","og_locale":"en_US","og_type":"article","og_title":"Formaci\u00f3n - Immaculate Heart of Mary Santa Ana","og_description":"Directora de Formaci\u00f3n en la Fe Coral G\u00f3mez Preparaci\u00f3n Prebautismal Ministerio San Juan Pablo II Programa de Quincea\u00f1eras Oficina Pastoral Preparaci\u00f3n Prematrimonial Enrique y Esmeralda Vega Encuentro Matrimonial Beatriz Ortiz","og_url":"https:\/\/www.ihmsantaana.org\/en\/ministry\/formation\/","og_site_name":"Immaculate Heart of Mary Santa Ana","article_modified_time":"2025-08-27T15:54:12+00:00","og_image":[{"width":1600,"height":1067,"url":"https:\/\/www.ihmsantaana.org\/wp-content\/uploads\/2024\/12\/2023-10-30-bishop-brown-funeral-mass-DSC06781-111-medium.webp","type":"image\/webp"}],"twitter_card":"summary_large_image","twitter_misc":{"Est. reading time":"1 minute"},"schema":{"@context":"https:\/\/schema.org","@graph":[{"@type":"WebPage","@id":"https:\/\/www.ihmsantaana.org\/ministry\/formation\/","url":"https:\/\/www.ihmsantaana.org\/ministry\/formation\/","name":"Formaci\u00f3n - Immaculate Heart of Mary Santa Ana","isPartOf":{"@id":"https:\/\/www.ihmsantaana.org\/#website"},"primaryImageOfPage":{"@id":"https:\/\/www.ihmsantaana.org\/ministry\/formation\/#primaryimage"},"image":{"@id":"https:\/\/www.ihmsantaana.org\/ministry\/formation\/#primaryimage"},"thumbnailUrl":"https:\/\/www.ihmsantaana.org\/wp-content\/uploads\/2024\/12\/2023-10-30-bishop-brown-funeral-mass-DSC06781-111-medium.webp","datePublished":"2024-10-29T11:53:39+00:00","dateModified":"2025-08-27T15:54:12+00:00","breadcrumb":{"@id":"https:\/\/www.ihmsantaana.org\/ministry\/formation\/#breadcrumb"},"inLanguage":"en-US","potentialAction":[{"@type":"ReadAction","target":["https:\/\/www.ihmsantaana.org\/ministry\/formation\/"]}]},{"@type":"ImageObject","inLanguage":"en-US","@id":"https:\/\/www.ihmsantaana.org\/ministry\/formation\/#primaryimage","url":"https:\/\/www.ihmsantaana.org\/wp-content\/uploads\/2024\/12\/2023-10-30-bishop-brown-funeral-mass-DSC06781-111-medium.webp","contentUrl":"https:\/\/www.ihmsantaana.org\/wp-content\/uploads\/2024\/12\/2023-10-30-bishop-brown-funeral-mass-DSC06781-111-medium.webp","width":1600,"height":1067},{"@type":"BreadcrumbList","@id":"https:\/\/www.ihmsantaana.org\/ministry\/formation\/#breadcrumb","itemListElement":[{"@type":"ListItem","position":1,"name":"Home","item":"https:\/\/www.ihmsantaana.org\/"},{"@type":"ListItem","position":2,"name":"Ministries","item":"https:\/\/www.ihmsantaana.org\/en\/ministry\/"},{"@type":"ListItem","position":3,"name":"Formaci\u00f3n"}]},{"@type":"WebSite","@id":"https:\/\/www.ihmsantaana.org\/#website","url":"https:\/\/www.ihmsantaana.org\/","name":"Immaculate Heart of Mary Santa Ana","description":"","publisher":{"@id":"https:\/\/www.ihmsantaana.org\/#organization"},"potentialAction":[{"@type":"SearchAction","target":{"@type":"EntryPoint","urlTemplate":"https:\/\/www.ihmsantaana.org\/?s={search_term_string}"},"query-input":{"@type":"PropertyValueSpecification","valueRequired":true,"valueName":"search_term_string"}}],"inLanguage":"en-US"},{"@type":"Organization","@id":"https:\/\/www.ihmsantaana.org\/#organization","name":"Immaculate Heart of Mary Santa Ana","url":"https:\/\/www.ihmsantaana.org\/","logo":{"@type":"ImageObject","inLanguage":"en-US","@id":"https:\/\/www.ihmsantaana.org\/#\/schema\/logo\/image\/","url":"https:\/\/www.ihmsantaana.org\/wp-content\/uploads\/2024\/06\/IMH_logo-inverse.webp","contentUrl":"https:\/\/www.ihmsantaana.org\/wp-content\/uploads\/2024\/06\/IMH_logo-inverse.webp","width":500,"height":82,"caption":"Immaculate Heart of Mary Santa Ana"},"image":{"@id":"https:\/\/www.ihmsantaana.org\/#\/schema\/logo\/image\/"}}]}},"uagb_featured_image_src":{"full":["https:\/\/www.ihmsantaana.org\/wp-content\/uploads\/2024\/12\/2023-10-30-bishop-brown-funeral-mass-DSC06781-111-medium.webp",1600,1067,false],"thumbnail":["https:\/\/www.ihmsantaana.org\/wp-content\/uploads\/2024\/12\/2023-10-30-bishop-brown-funeral-mass-DSC06781-111-medium-150x150.webp",150,150,true],"medium":["https:\/\/www.ihmsantaana.org\/wp-content\/uploads\/2024\/12\/2023-10-30-bishop-brown-funeral-mass-DSC06781-111-medium-300x200.webp",300,200,true],"medium_large":["https:\/\/www.ihmsantaana.org\/wp-content\/uploads\/2024\/12\/2023-10-30-bishop-brown-funeral-mass-DSC06781-111-medium-768x512.webp",768,512,true],"large":["https:\/\/www.ihmsantaana.org\/wp-content\/uploads\/2024\/12\/2023-10-30-bishop-brown-funeral-mass-DSC06781-111-medium-1024x683.webp",1024,683,true],"1536x1536":["https:\/\/www.ihmsantaana.org\/wp-content\/uploads\/2024\/12\/2023-10-30-bishop-brown-funeral-mass-DSC06781-111-medium-1536x1024.webp",1536,1024,true],"2048x2048":["https:\/\/www.ihmsantaana.org\/wp-content\/uploads\/2024\/12\/2023-10-30-bishop-brown-funeral-mass-DSC06781-111-medium.webp",1600,1067,false],"trp-custom-language-flag":["https:\/\/www.ihmsantaana.org\/wp-content\/uploads\/2024\/12\/2023-10-30-bishop-brown-funeral-mass-DSC06781-111-medium.webp",18,12,false],"n2-blog-grid-thumb":["https:\/\/www.ihmsantaana.org\/wp-content\/uploads\/2024\/12\/2023-10-30-bishop-brown-funeral-mass-DSC06781-111-medium-300x300.webp",300,300,true],"n2-blog-grid-medium":["https:\/\/www.ihmsantaana.org\/wp-content\/uploads\/2024\/12\/2023-10-30-bishop-brown-funeral-mass-DSC06781-111-medium-750x500.webp",750,500,true],"n2-search-thumb":["https:\/\/www.ihmsantaana.org\/wp-content\/uploads\/2024\/12\/2023-10-30-bishop-brown-funeral-mass-DSC06781-111-medium-500x350.webp",500,350,true]},"uagb_author_info":{"display_name":"RCBO","author_link":"https:\/\/www.ihmsantaana.org\/en\/author\/"},"uagb_comment_info":0,"uagb_excerpt":"Directora de Formaci\u00f3n en la Fe Coral G\u00f3mez Preparaci\u00f3n Prebautismal Ministerio San Juan Pablo II Programa de Quincea\u00f1eras Oficina Pastoral Preparaci\u00f3n Prematrimonial Enrique y Esmeralda Vega Encuentro Matrimonial Beatriz Ortiz","_links":{"self":[{"href":"https:\/\/www.ihmsantaana.org\/en\/wp-json\/wp\/v2\/ministry\/570","targetHints":{"allow":["GET"]}}],"collection":[{"href":"https:\/\/www.ihmsantaana.org\/en\/wp-json\/wp\/v2\/ministry"}],"about":[{"href":"https:\/\/www.ihmsantaana.org\/en\/wp-json\/wp\/v2\/types\/ministry"}],"wp:featuredmedia":[{"embeddable":true,"href":"https:\/\/www.ihmsantaana.org\/en\/wp-json\/wp\/v2\/media\/670"}],"wp:attachment":[{"href":"https:\/\/www.ihmsantaana.org\/en\/wp-json\/wp\/v2\/media?parent=570"}],"curies":[{"name":"wp","href":"https:\/\/api.w.org\/{rel}","templated":true}]}}